{"id":10,"date":"2008-02-26T17:13:47","date_gmt":"2008-02-26T17:13:47","guid":{"rendered":"https:\/\/historischer-verein-lebach.info\/?page_id=10"},"modified":"2025-11-07T12:58:54","modified_gmt":"2025-11-07T11:58:54","slug":"historischer-kalender","status":"publish","type":"page","link":"https:\/\/hv-lebach.de\/?page_id=10","title":{"rendered":"Historischer Kalender"},"content":{"rendered":"<p style=\"text-align: justify;\">Anbei sind die Historischen Kalender 1994 &#8211; 2024 im PDF-Format zum Herunterladen eingestellt!<\/p>\n<p style=\"text-align: justify;\"><strong><span style=\"color: #0000ff;\"><span style=\"color: #0000ff;\">Egon Gro\u00df, viele Jahre in der Redaktion des Historischen Kalenders, hat hier zur besseren Orientierung ein Inhaltsverzeichnis der Kalender angelegt, das nun Richard Wagner fortf\u00fchrt: <\/span><\/span><\/strong><\/p>\n<p style=\"text-align: justify;\"><strong><span style=\"color: #0000ff;\"><span style=\"color: #0000ff;\"><a href=\"https:\/\/hv-lebach.de\/wp-content\/uploads\/2021\/02\/HKL_Inhaltsverzeichnis_94-21.pdf\" target=\"_blank\" rel=\"noopener noreferrer\" data-wp-editing=\"1\">Inhaltsverzeichnis 1994-2021<\/a><\/span><\/span><\/strong><\/p>\n<p>&nbsp;<\/p>\n<p style=\"text-align: center;\">___________________________________________________________<\/p>\n<p style=\"text-align: center;\"><a href=\"https:\/\/hv-lebach.de\/wp-content\/uploads\/2025\/11\/Hist.-Kalender-Lebach-2025-kl.pdf\" target=\"_blank\" rel=\"noopener\">Helfende H\u00e4nde<\/a><\/p>\n<p style=\"text-align: center;\"><a href=\"https:\/\/hv-lebach.de\/wp-content\/uploads\/2025\/11\/Hist.-Kalender-Lebach-2025-kl.pdf\" target=\"_blank\" rel=\"noopener\"><img loading=\"lazy\" decoding=\"async\" class=\"alignnone size-medium wp-image-4607\" src=\"https:\/\/hv-lebach.de\/wp-content\/uploads\/2025\/11\/Titelblatt-2025_240-214x300.jpg\" alt=\"\" width=\"214\" height=\"300\" srcset=\"https:\/\/hv-lebach.de\/wp-content\/uploads\/2025\/11\/Titelblatt-2025_240-214x300.jpg 214w, https:\/\/hv-lebach.de\/wp-content\/uploads\/2025\/11\/Titelblatt-2025_240.jpg 240w\" sizes=\"auto, (max-width: 214px) 100vw, 214px\" \/><\/a><\/p>\n<p style=\"text-align: center;\"><a href=\"https:\/\/hv-lebach.de\/wp-content\/uploads\/2025\/11\/Hist.-Kalender-Lebach-2025-kl.pdf\" target=\"_blank\" rel=\"noopener\">HKL 2025<\/a><\/p>\n<p style=\"text-align: center;\">___________________________________________________________<\/p>\n<p style=\"text-align: center;\"><a href=\"https:\/\/hv-lebach.de\/wp-content\/uploads\/2024\/11\/HKL-2024.pdf\" target=\"_blank\" rel=\"noopener\">Die Lebacher Gastronomie II<\/a><\/p>\n<p style=\"text-align: center;\"><a href=\"https:\/\/hv-lebach.de\/wp-content\/uploads\/2024\/11\/HKL-2024.pdf\" target=\"_blank\" rel=\"noopener\"><img loading=\"lazy\" decoding=\"async\" class=\"alignnone wp-image-4542 size-medium\" src=\"https:\/\/hv-lebach.de\/wp-content\/uploads\/2024\/11\/HKL-2024.pdf_thumb-214x300.jpg\" alt=\"\" width=\"214\" height=\"300\" srcset=\"https:\/\/hv-lebach.de\/wp-content\/uploads\/2024\/11\/HKL-2024.pdf_thumb-214x300.jpg 214w, https:\/\/hv-lebach.de\/wp-content\/uploads\/2024\/11\/HKL-2024.pdf_thumb.jpg 240w\" sizes=\"auto, (max-width: 214px) 100vw, 214px\" \/><\/a><\/p>\n<p style=\"text-align: center;\"><a href=\"https:\/\/hv-lebach.de\/wp-content\/uploads\/2024\/11\/HKL-2024.pdf\" target=\"_blank\" rel=\"noopener\">HKL 2024<\/a><\/p>\n<p style=\"text-align: center;\">___________________________________________________________<\/p>\n<p style=\"text-align: center;\"><a href=\"https:\/\/hv-lebach.de\/wp-content\/uploads\/2023\/10\/Kalender-2023-m.-Kalemdarium-komp.pdf\" target=\"_blank\" rel=\"noopener\">Die Lebacher Gastronomie<\/a><\/p>\n<p style=\"text-align: center;\"><a href=\"https:\/\/hv-lebach.de\/wp-content\/uploads\/2023\/10\/Kalender-2023-m.-Kalemdarium-komp.pdf\" target=\"_blank\" rel=\"noopener\"><img loading=\"lazy\" decoding=\"async\" class=\"alignnone size-medium wp-image-4465\" src=\"https:\/\/hv-lebach.de\/wp-content\/uploads\/2023\/10\/Kalender-2023-m.-Kalemdarium-komp.pdf_extract_Page_1-214x300.jpeg\" alt=\"\" width=\"214\" height=\"300\" srcset=\"https:\/\/hv-lebach.de\/wp-content\/uploads\/2023\/10\/Kalender-2023-m.-Kalemdarium-komp.pdf_extract_Page_1-214x300.jpeg 214w, https:\/\/hv-lebach.de\/wp-content\/uploads\/2023\/10\/Kalender-2023-m.-Kalemdarium-komp.pdf_extract_Page_1-731x1024.jpeg 731w, https:\/\/hv-lebach.de\/wp-content\/uploads\/2023\/10\/Kalender-2023-m.-Kalemdarium-komp.pdf_extract_Page_1-768x1075.jpeg 768w, https:\/\/hv-lebach.de\/wp-content\/uploads\/2023\/10\/Kalender-2023-m.-Kalemdarium-komp.pdf_extract_Page_1-1097x1536.jpeg 1097w, https:\/\/hv-lebach.de\/wp-content\/uploads\/2023\/10\/Kalender-2023-m.-Kalemdarium-komp.pdf_extract_Page_1-1463x2048.jpeg 1463w, https:\/\/hv-lebach.de\/wp-content\/uploads\/2023\/10\/Kalender-2023-m.-Kalemdarium-komp.pdf_extract_Page_1-scaled.jpeg 1829w\" sizes=\"auto, (max-width: 214px) 100vw, 214px\" \/><\/a><\/p>\n<p style=\"text-align: center;\"><a href=\"https:\/\/hv-lebach.de\/wp-content\/uploads\/2023\/10\/Kalender-2023-m.-Kalemdarium-komp.pdf\" target=\"_blank\" rel=\"noopener\">HKL 2023<\/a><\/p>\n<p style=\"text-align: center;\">___________________________________________________________<\/p>\n<p style=\"text-align: center;\"><a href=\"https:\/\/hv-lebach.de\/wp-content\/uploads\/2022\/10\/HKL-2022.pdf\" target=\"_blank\" rel=\"noopener\">Bergbau im Raum Lebach<\/a><\/p>\n<p style=\"text-align: center;\"><a href=\"https:\/\/hv-lebach.de\/wp-content\/uploads\/2022\/10\/HKL-2022.pdf\"><img loading=\"lazy\" decoding=\"async\" class=\"aligncenter wp-image-4387 size-medium\" src=\"https:\/\/hv-lebach.de\/wp-content\/uploads\/2022\/10\/HKL-2022.pdf_extract_Page_1-251x300.jpg\" alt=\"\" width=\"251\" height=\"300\" srcset=\"https:\/\/hv-lebach.de\/wp-content\/uploads\/2022\/10\/HKL-2022.pdf_extract_Page_1-251x300.jpg 251w, https:\/\/hv-lebach.de\/wp-content\/uploads\/2022\/10\/HKL-2022.pdf_extract_Page_1-857x1024.jpg 857w, https:\/\/hv-lebach.de\/wp-content\/uploads\/2022\/10\/HKL-2022.pdf_extract_Page_1-768x918.jpg 768w, https:\/\/hv-lebach.de\/wp-content\/uploads\/2022\/10\/HKL-2022.pdf_extract_Page_1-1285x1536.jpg 1285w, https:\/\/hv-lebach.de\/wp-content\/uploads\/2022\/10\/HKL-2022.pdf_extract_Page_1-1713x2048.jpg 1713w, https:\/\/hv-lebach.de\/wp-content\/uploads\/2022\/10\/HKL-2022.pdf_extract_Page_1.jpg 1872w\" sizes=\"auto, (max-width: 251px) 100vw, 251px\" \/><\/a><\/p>\n<p style=\"text-align: center;\"><a href=\"https:\/\/hv-lebach.de\/wp-content\/uploads\/2022\/10\/HKL-2022.pdf\" target=\"_blank\" rel=\"noopener\">HKL 2022<\/a><\/p>\n<p style=\"text-align: center;\">___________________________________________________________<\/p>\n<p style=\"text-align: center;\"><a href=\"https:\/\/hv-lebach.de\/wp-content\/uploads\/2021\/02\/HKL-2021.pdf\" target=\"_blank\" rel=\"noopener\">H\u00f6fe, H\u00e4user und ihre Geschichte, Teil IV<\/a><\/p>\n<p style=\"text-align: center;\"><a href=\"https:\/\/hv-lebach.de\/wp-content\/uploads\/2021\/02\/HKL-2021.pdf\" target=\"_blank\" rel=\"noopener\"><img loading=\"lazy\" decoding=\"async\" class=\"aligncenter wp-image-3317 size-medium\" src=\"https:\/\/hv-lebach.de\/wp-content\/uploads\/2020\/10\/HKL-2021_Page_1-217x300.jpeg\" alt=\"\" width=\"217\" height=\"300\" srcset=\"https:\/\/hv-lebach.de\/wp-content\/uploads\/2020\/10\/HKL-2021_Page_1-217x300.jpeg 217w, https:\/\/hv-lebach.de\/wp-content\/uploads\/2020\/10\/HKL-2021_Page_1-740x1024.jpeg 740w, https:\/\/hv-lebach.de\/wp-content\/uploads\/2020\/10\/HKL-2021_Page_1-768x1063.jpeg 768w, https:\/\/hv-lebach.de\/wp-content\/uploads\/2020\/10\/HKL-2021_Page_1-1109x1536.jpeg 1109w, https:\/\/hv-lebach.de\/wp-content\/uploads\/2020\/10\/HKL-2021_Page_1-1479x2048.jpeg 1479w, https:\/\/hv-lebach.de\/wp-content\/uploads\/2020\/10\/HKL-2021_Page_1-scaled.jpeg 1849w\" sizes=\"auto, (max-width: 217px) 100vw, 217px\" \/><\/a><a href=\"https:\/\/hv-lebach.de\/wp-content\/uploads\/2021\/02\/HKL-2021.pdf\" target=\"_blank\" rel=\"noopener\">HKL 2021<\/a><\/p>\n<p style=\"text-align: center;\">___________________________________________________________<\/p>\n<p style=\"text-align: center;\"><a href=\"https:\/\/hv-lebach.de\/wp-content\/uploads\/2020\/06\/HKL-2020.pdf\" target=\"_blank\" rel=\"noopener noreferrer\">Kapellen und Andachtsst\u00e4tten in der Stadt Lebach<\/a><\/p>\n<p style=\"text-align: center;\"><a href=\"https:\/\/hv-lebach.de\/wp-content\/uploads\/2020\/06\/HKL-2020.pdf\" target=\"_blank\" rel=\"noopener noreferrer\"><img loading=\"lazy\" decoding=\"async\" class=\"aligncenter wp-image-3198 size-medium\" src=\"https:\/\/hv-lebach.de\/wp-content\/uploads\/2020\/06\/HKL-2020-217x300.jpg\" alt=\"\" width=\"217\" height=\"300\" srcset=\"https:\/\/hv-lebach.de\/wp-content\/uploads\/2020\/06\/HKL-2020-217x300.jpg 217w, https:\/\/hv-lebach.de\/wp-content\/uploads\/2020\/06\/HKL-2020-740x1024.jpg 740w, https:\/\/hv-lebach.de\/wp-content\/uploads\/2020\/06\/HKL-2020-768x1063.jpg 768w, https:\/\/hv-lebach.de\/wp-content\/uploads\/2020\/06\/HKL-2020-1110x1536.jpg 1110w, https:\/\/hv-lebach.de\/wp-content\/uploads\/2020\/06\/HKL-2020.jpg 1200w\" sizes=\"auto, (max-width: 217px) 100vw, 217px\" \/><\/a><a href=\"https:\/\/hv-lebach.de\/wp-content\/uploads\/2020\/06\/HKL-2020.pdf\" target=\"_blank\" rel=\"noopener\"><span style=\"color: #3366ff;\">HKL 2020<\/span><\/a><\/p>\n<p style=\"text-align: center;\">___________________________________________________________<\/p>\n<p style=\"text-align: center;\"><a href=\"https:\/\/hv-lebach.de\/wp-content\/uploads\/2019\/10\/HKL-2019.pdf\" target=\"_blank\" rel=\"noopener noreferrer\"><strong>Brunnen, Wasser, Wasserversorgung<\/strong><\/a><\/p>\n<p style=\"text-align: center;\"><a href=\"https:\/\/hv-lebach.de\/wp-content\/uploads\/2019\/10\/HKL-2019.pdf\" target=\"_blank\" rel=\"noopener noreferrer\"><img loading=\"lazy\" decoding=\"async\" class=\"aligncenter wp-image-3125 size-medium\" src=\"https:\/\/hv-lebach.de\/wp-content\/uploads\/2019\/10\/HKL-2019.pdf_extract_Page_1-220x300.jpeg\" alt=\"\" width=\"220\" height=\"300\" srcset=\"https:\/\/hv-lebach.de\/wp-content\/uploads\/2019\/10\/HKL-2019.pdf_extract_Page_1-220x300.jpeg 220w, https:\/\/hv-lebach.de\/wp-content\/uploads\/2019\/10\/HKL-2019.pdf_extract_Page_1-768x1046.jpeg 768w, https:\/\/hv-lebach.de\/wp-content\/uploads\/2019\/10\/HKL-2019.pdf_extract_Page_1-752x1024.jpeg 752w\" sizes=\"auto, (max-width: 220px) 100vw, 220px\" \/><\/a><a href=\"https:\/\/hv-lebach.de\/wp-content\/uploads\/2019\/10\/HKL-2019.pdf\" target=\"_blank\" rel=\"noopener noreferrer\">HKL 2019<\/a><\/p>\n<p style=\"text-align: center;\">___________________________________________________________<\/p>\n<p style=\"text-align: center;\"><strong>H\u00f6fe, H\u00e4user und ihre Hausnamen, Teil III<br \/>\n<a href=\"https:\/\/hv-lebach.de\/wp-content\/uploads\/2018\/10\/HKL-2018.pdf\"><img loading=\"lazy\" decoding=\"async\" class=\"aligncenter wp-image-2926 size-medium\" src=\"https:\/\/hv-lebach.de\/wp-content\/uploads\/2018\/10\/HKL-2018.pdf_extract_Page_1-217x300.jpeg\" alt=\"\" width=\"217\" height=\"300\" srcset=\"https:\/\/hv-lebach.de\/wp-content\/uploads\/2018\/10\/HKL-2018.pdf_extract_Page_1-217x300.jpeg 217w, https:\/\/hv-lebach.de\/wp-content\/uploads\/2018\/10\/HKL-2018.pdf_extract_Page_1-768x1063.jpeg 768w, https:\/\/hv-lebach.de\/wp-content\/uploads\/2018\/10\/HKL-2018.pdf_extract_Page_1-740x1024.jpeg 740w, https:\/\/hv-lebach.de\/wp-content\/uploads\/2018\/10\/HKL-2018.pdf_extract_Page_1.jpeg 2047w\" sizes=\"auto, (max-width: 217px) 100vw, 217px\" \/><\/a><\/strong><a href=\"https:\/\/hv-lebach.de\/wp-content\/uploads\/2018\/10\/HKL-2018.pdf\" target=\"_blank\" rel=\"noopener noreferrer\">HKL 2018<\/a><\/p>\n<p style=\"text-align: center;\">___________________________________________________________<\/p>\n<p style=\"text-align: center;\"><strong>H\u00f6fe, H\u00e4user und ihre Hausnamen, Teil II<\/strong><\/p>\n<p style=\"text-align: center;\"><a href=\"https:\/\/hv-lebach.de\/wp-content\/uploads\/2008\/02\/HKL-2017.pdf\" target=\"_blank\" rel=\"noopener noreferrer\"><img loading=\"lazy\" decoding=\"async\" class=\"aligncenter wp-image-2791 size-medium\" src=\"https:\/\/hv-lebach.de\/wp-content\/uploads\/2008\/02\/HKL-2017-217x300.jpeg\" alt=\"\" width=\"217\" height=\"300\" srcset=\"https:\/\/hv-lebach.de\/wp-content\/uploads\/2008\/02\/HKL-2017-217x300.jpeg 217w, https:\/\/hv-lebach.de\/wp-content\/uploads\/2008\/02\/HKL-2017-768x1063.jpeg 768w, https:\/\/hv-lebach.de\/wp-content\/uploads\/2008\/02\/HKL-2017-740x1024.jpeg 740w, https:\/\/hv-lebach.de\/wp-content\/uploads\/2008\/02\/HKL-2017.jpeg 2047w\" sizes=\"auto, (max-width: 217px) 100vw, 217px\" \/><\/a><a href=\"https:\/\/hv-lebach.de\/wp-content\/uploads\/2008\/02\/HKL-2017.pdf\" target=\"_blank\" rel=\"noopener noreferrer\">HKL-2017<\/a><\/p>\n<p style=\"text-align: center;\">___________________________________________________________<\/p>\n<p style=\"text-align: center;\"><strong>H\u00f6fe, H\u00e4user und ihre Hausnamen<\/strong><\/p>\n<p style=\"text-align: center;\"><a href=\"https:\/\/hv-lebach.de\/HKL\/HKL-2016.pdf\" target=\"_blank\" rel=\"noopener\"><img loading=\"lazy\" decoding=\"async\" class=\"alignnone wp-image-2591 size-medium\" src=\"https:\/\/hv-lebach.de\/wp-content\/uploads\/2008\/02\/HKL-2016.pdf_extract_Page_1-217x300.jpeg\" alt=\"hkl-2016-pdf_extract_page_1\" width=\"217\" height=\"300\" srcset=\"https:\/\/hv-lebach.de\/wp-content\/uploads\/2008\/02\/HKL-2016.pdf_extract_Page_1-217x300.jpeg 217w, https:\/\/hv-lebach.de\/wp-content\/uploads\/2008\/02\/HKL-2016.pdf_extract_Page_1-768x1063.jpeg 768w, https:\/\/hv-lebach.de\/wp-content\/uploads\/2008\/02\/HKL-2016.pdf_extract_Page_1-740x1024.jpeg 740w, https:\/\/hv-lebach.de\/wp-content\/uploads\/2008\/02\/HKL-2016.pdf_extract_Page_1.jpeg 2047w\" sizes=\"auto, (max-width: 217px) 100vw, 217px\" \/><\/a><\/p>\n<p style=\"text-align: center;\"><a href=\"https:\/\/hv-lebach.de\/HKL\/HKL-2016.pdf\" target=\"_blank\" rel=\"noopener\">HKL 2016<\/a><\/p>\n<p style=\"text-align: center;\">___________________________________________________________<\/p>\n<p style=\"text-align: center;\"><strong><span style=\"color: #000000;\">Lebach &#8211; Soldaten- und Garnisonsstadt<\/span><\/strong><\/p>\n<p style=\"text-align: center;\"><a href=\"https:\/\/hv-lebach.de\/HKL\/HKL-2015.pdf\" target=\"_blank\" rel=\"noopener\"><img loading=\"lazy\" decoding=\"async\" class=\"alignnone wp-image-2297 size-medium\" src=\"https:\/\/hv-lebach.de\/wp-content\/uploads\/2014\/11\/HKL-2015_Deckblatt-216x300.jpg\" alt=\"\" width=\"216\" height=\"300\" srcset=\"https:\/\/hv-lebach.de\/wp-content\/uploads\/2014\/11\/HKL-2015_Deckblatt-216x300.jpg 216w, https:\/\/hv-lebach.de\/wp-content\/uploads\/2014\/11\/HKL-2015_Deckblatt-739x1024.jpg 739w, https:\/\/hv-lebach.de\/wp-content\/uploads\/2014\/11\/HKL-2015_Deckblatt.jpg 1535w\" sizes=\"auto, (max-width: 216px) 100vw, 216px\" \/><\/a><\/p>\n<p style=\"text-align: center;\"><a href=\"https:\/\/hv-lebach.de\/HKL\/HKL-2015.pdf\" target=\"_blank\" rel=\"noopener\">HKL 2015<\/a><\/p>\n<p style=\"text-align: center;\">___________________________________________________________<\/p>\n<p style=\"text-align: center;\"><strong>Geologische und arch\u00e4ologische Funde<\/strong><\/p>\n<figure id=\"attachment_1931\" aria-describedby=\"caption-attachment-1931\" style=\"width: 200px\" class=\"wp-caption aligncenter\"><a title=\"Historischer Kalender Lebach 2014\" href=\"https:\/\/hv-lebach.de\/HKL\/HKL-2014.pdf\" target=\"_blank\" rel=\"noopener noreferrer\"><img loading=\"lazy\" decoding=\"async\" class=\"wp-image-1931 size-full\" src=\"wp-content\/uploads\/2008\/02\/HKL-2014.jpg\" alt=\"HKL-2014\" width=\"200\" height=\"277\"><\/a><figcaption id=\"caption-attachment-1931\" class=\"wp-caption-text\">Historischer Kalender 2014<\/figcaption><\/figure>\n<p style=\"text-align: center;\">___________________________________________________________<\/p>\n<p style=\"text-align: center;\"><strong>Alte Lebacher Bauernh\u00e4user<\/strong><\/p>\n<figure id=\"attachment_1728\" aria-describedby=\"caption-attachment-1728\" style=\"width: 200px\" class=\"wp-caption aligncenter\"><a title=\"Historischer Kalender 2013, Alte Lebacher Bauernh\u00e4user, Copyright: Historischer Verein Lebach\" href=\"https:\/\/hv-lebach.de\/HKL\/HKL-2013.pdf\" target=\"_blank\" rel=\"noopener noreferrer\"><img loading=\"lazy\" decoding=\"async\" class=\"wp-image-1728 size-full\" src=\"wp-content\/uploads\/2008\/02\/HKL-2013_200.jpg\" alt=\"HKL-2013_200\" width=\"200\" height=\"179\"><\/a><figcaption id=\"caption-attachment-1728\" class=\"wp-caption-text\">Historischer Kalender 2013<\/figcaption><\/figure>\n<p style=\"text-align: center;\">___________________________________________________________<\/p>\n<p style=\"text-align: center;\"><strong>Das Lebacher Verkehrsnetz<\/strong><\/p>\n<figure id=\"attachment_1166\" aria-describedby=\"caption-attachment-1166\" style=\"width: 200px\" class=\"wp-caption aligncenter\"><a title=\"Historischer Kalender Lebach 2012, Copyright: Historischer Verein Lebach\" href=\"https:\/\/hv-lebach.de\/HKL\/HKL_2012.pdf\" target=\"_blank\" rel=\"attachment wp-att-1166 noopener noreferrer\"><img loading=\"lazy\" decoding=\"async\" class=\"size-full wp-image-1166\" src=\"wp-content\/uploads\/2008\/02\/HKL_2012.jpg\" alt=\"Historischer Kalender Lebach 2012, Copyright: Historischer Verein Lebach\" width=\"200\" height=\"277\"><\/a><figcaption id=\"caption-attachment-1166\" class=\"wp-caption-text\">Historischer Kalender 2012<\/figcaption><\/figure>\n<p style=\"text-align: center;\">___________________________________________________________<\/p>\n<p style=\"text-align: center;\"><span style=\"color: #000000;\"><strong>Die Volksschulen im Stadtgebiet<\/strong><\/span><\/p>\n<figure id=\"attachment_913\" aria-describedby=\"caption-attachment-913\" style=\"width: 200px\" class=\"wp-caption aligncenter\"><a title=\"Historischer Kalender Lebach 2011: Die Volksschulen im Stadtgebiet\" href=\"https:\/\/hv-lebach.de\/HKL\/HKL_2011.pdf\" target=\"_blank\" rel=\"noopener noreferrer\"><img loading=\"lazy\" decoding=\"async\" class=\"size-full wp-image-913\" title=\"HKL_2011_200\" src=\"wp-content\/uploads\/2008\/02\/HKL_2011_200.jpg\" alt=\"\" width=\"200\" height=\"277\"><\/a><figcaption id=\"caption-attachment-913\" class=\"wp-caption-text\">Historischer Kalender 2011<\/figcaption><\/figure>\n<p style=\"text-align: center;\">___________________________________________________________<\/p>\n<p style=\"text-align: center;\"><strong>Die Lebacher M\u00fchlen<\/strong><\/p>\n<figure id=\"attachment_428\" aria-describedby=\"caption-attachment-428\" style=\"width: 200px\" class=\"wp-caption aligncenter\"><a class=\"wpGallery\" title=\"Historischer Kalender Lebach 2010\" href=\"https:\/\/hv-lebach.de\/Dokumente\/HKL_2010.pdf\" target=\"_blank\" rel=\"noopener noreferrer\"><img loading=\"lazy\" decoding=\"async\" class=\"size-full wp-image-428 \" title=\"HKL_2010_200\" src=\"wp-content\/uploads\/2008\/02\/HKL_2010_200.jpg\" alt=\"\" width=\"200\" height=\"269\"><\/a><figcaption id=\"caption-attachment-428\" class=\"wp-caption-text\">Historischer Kalender 2010<\/figcaption><\/figure>\n<p style=\"text-align: center;\">___________________________________________________________<\/p>\n<p style=\"text-align: center;\"><strong>Die Lebacher Kirchen<\/strong><\/p>\n<figure id=\"attachment_71\" aria-describedby=\"caption-attachment-71\" style=\"width: 200px\" class=\"wp-caption aligncenter\"><a class=\"wpGallery\" title=\"Historischer Kalender Lebach 2009\" href=\"https:\/\/hv-lebach.de\/wp-content\/uploads\/2008\/vor02\/kalender\/HKL_2009.pdf\" target=\"_blank\" rel=\"noopener noreferrer\"><img loading=\"lazy\" decoding=\"async\" class=\"size-full wp-image-71\" title=\"historischer-kalender-2009_titelblatt\" src=\"wp-content\/uploads\/2008\/02\/historischer-kalender-2009_titelblatt.jpg\" alt=\"Historischer Kalender 2009\" width=\"200\" height=\"147\"><\/a><figcaption id=\"caption-attachment-71\" class=\"wp-caption-text\">Historischer Kalender 2009<\/figcaption><\/figure>\n<p style=\"text-align: center;\">___________________________________________________________<\/p>\n<p style=\"text-align: center;\"><strong>Kunst und Architektur<\/strong><\/p>\n<figure style=\"width: 200px\" class=\"wp-caption aligncenter\"><a title=\"Historischer Kalender 2008\" href=\"https:\/\/hv-lebach.de\/wp-content\/uploads\/2008\/vor02\/kalender\/Historischer Kalender 2008 Distiller.pdf\" target=\"_blank\" rel=\"noopener noreferrer\"><img loading=\"lazy\" decoding=\"async\" style=\"vertical-align: baseline;\" src=\"wp-content\/uploads\/2008\/vor02\/kalender\/Historischer Kalender 2008.jpg\" alt=\"Historischer Kalender 2008\" width=\"200\" height=\"160\"><\/a><figcaption class=\"wp-caption-text\">Historischer Kalender 2008<\/figcaption><\/figure>\n<p style=\"text-align: center;\">___________________________________________________________<\/p>\n<p style=\"text-align: center;\"><strong>Die Nachkriegszeit<\/strong><\/p>\n<p style=\"text-align: center;\"><a title=\"Historischer Kalender 2006\" href=\"https:\/\/hv-lebach.de\/wp-content\/uploads\/2008\/vor02\/bilder\/Historischer Kalender Lebach 2006.pdf\" target=\"_blank\" rel=\"noopener noreferrer\"><img loading=\"lazy\" decoding=\"async\" src=\"wp-content\/uploads\/2008\/vor02\/kalender\/HKL_2006.jpg\" alt=\"Historischer Kalender 2006\" width=\"200\" height=\"296\"><\/a><\/p>\n<p style=\"text-align: center;\"><strong><a title=\"Historischer Kalender Lebach 2006\" href=\"https:\/\/hv-lebach.de\/wp-content\/uploads\/2008\/vor02\/bilder\/Historischer Kalender Lebach 2006.pdf\" target=\"_blank\" rel=\"noopener noreferrer\">Historischer Kalender 2006<\/a><\/strong><\/p>\n<p style=\"text-align: center;\">___________________________________________________________<\/p>\n<p style=\"text-align: center;\"><strong>Das Kriegsende<\/strong><\/p>\n<p style=\"text-align: center;\"><a title=\"Historischer Kalender 2005\" href=\"https:\/\/hv-lebach.de\/wp-content\/uploads\/2008\/vor02\/kalender\/HKL_2005.pdf\" target=\"_blank\" rel=\"noopener noreferrer\"><img loading=\"lazy\" decoding=\"async\" style=\"vertical-align: middle;\" src=\"wp-content\/uploads\/2008\/vor02\/kalender\/Historischer Kalender 2005.jpg\" alt=\"Historischer Kalender 2005\" width=\"200\" height=\"152\"><\/a><\/p>\n<p style=\"text-align: center;\"><a title=\"Historischer Kalender 2005\" href=\"https:\/\/hv-lebach.de\/wp-content\/uploads\/2008\/vor02\/kalender\/HKL_2005.pdf\" target=\"_blank\" rel=\"noopener noreferrer\">Historischer Kalender 2005<\/a><\/p>\n<p style=\"text-align: center;\">___________________________________________________________<\/p>\n<p style=\"text-align: center;\"><strong>Br\u00e4uche und Traditionen<\/strong><\/p>\n<p style=\"text-align: center;\"><a title=\"Historischer Kalender 2004\" href=\"https:\/\/hv-lebach.de\/wp-content\/uploads\/2008\/vor02\/kalender\/HKL_2004.pdf\" target=\"_blank\" rel=\"noopener noreferrer\"><img loading=\"lazy\" decoding=\"async\" style=\"vertical-align: middle;\" src=\"wp-content\/uploads\/2008\/vor02\/kalender\/HKL_2004.jpg\" alt=\"Historischer Kalender 2004\" width=\"200\" height=\"118\"><\/a><\/p>\n<p style=\"text-align: center;\"><a title=\"Historischer Kalender 2004\" href=\"https:\/\/hv-lebach.de\/wp-content\/uploads\/2008\/vor02\/kalender\/HKL_2004.pdf\" target=\"_blank\" rel=\"noopener noreferrer\">Historischer Kalender 2004<\/a><\/p>\n<p style=\"text-align: center;\">___________________________________________________________<\/p>\n<p style=\"text-align: center;\"><strong>Verwandlung &#8211; Lebach 1880-2002<\/strong><\/p>\n<p style=\"text-align: center;\"><a title=\"Historischer Kalender 2003\" href=\"https:\/\/hv-lebach.de\/wp-content\/uploads\/2008\/vor02\/kalender\/HKL_2003.pdf\" target=\"_blank\" rel=\"noopener noreferrer\"><img loading=\"lazy\" decoding=\"async\" style=\"vertical-align: middle;\" src=\"wp-content\/uploads\/2008\/vor02\/kalender\/HKL_2003.jpg\" alt=\"Historischer Kalender 2003\" width=\"200\" height=\"185\"><\/a><\/p>\n<p style=\"text-align: center;\"><a title=\"Historischer Kalender 2003\" href=\"https:\/\/hv-lebach.de\/wp-content\/uploads\/2008\/vor02\/kalender\/HKL_2003.pdf\" target=\"_blank\" rel=\"noopener noreferrer\">Historischer Kalender 2003<\/a><\/p>\n<p style=\"text-align: center;\">___________________________________________________________<\/p>\n<p style=\"text-align: center;\"><strong>Uus Lebacher Fr\u00e4\u00e4il\u00e4it<\/strong><\/p>\n<p style=\"text-align: center;\"><a title=\"Historischer Kalender 2002\" href=\"https:\/\/hv-lebach.de\/wp-content\/uploads\/2008\/vor02\/kalender\/HKL_2002.pdf\" target=\"_blank\" rel=\"noopener noreferrer\"><img loading=\"lazy\" decoding=\"async\" style=\"vertical-align: middle;\" src=\"wp-content\/uploads\/2008\/vor02\/kalender\/HKL_2002.jpg\" alt=\"Historischer Kalender 2002\" width=\"200\" height=\"137\"><\/a><\/p>\n<p style=\"text-align: center;\"><a title=\"Historischer Kalender 2002\" href=\"https:\/\/hv-lebach.de\/wp-content\/uploads\/2008\/vor02\/kalender\/HKL_2002.pdf\" target=\"_blank\" rel=\"noopener noreferrer\">Historischer Kalender 2002<\/a><\/p>\n<p style=\"text-align: center;\">___________________________________________________________<\/p>\n<p style=\"text-align: center;\"><strong>Leben auf dem Land<\/strong><\/p>\n<p style=\"text-align: center;\"><a title=\"Historischer Kalender 2001\" href=\"https:\/\/hv-lebach.de\/wp-content\/uploads\/2008\/vor02\/kalender\/HKL_2001.pdf\" target=\"_blank\" rel=\"noopener noreferrer\"><img loading=\"lazy\" decoding=\"async\" style=\"vertical-align: middle;\" src=\"wp-content\/uploads\/2008\/vor02\/kalender\/HKL_2001.jpg\" alt=\"Historischer Kalender 2001\" width=\"200\" height=\"142\"><\/a><\/p>\n<p style=\"text-align: center;\"><a title=\"Historischer Kalender 2001\" href=\"https:\/\/hv-lebach.de\/wp-content\/uploads\/2008\/vor02\/kalender\/HKL_2001.pdf\" target=\"_blank\" rel=\"noopener noreferrer\">Historischer Kalender 2001<\/a><\/p>\n<p>___________________________________________________________<\/p>\n<p style=\"text-align: center;\"><strong>Das sch\u00f6ne Gruseln<\/strong><\/p>\n<p style=\"text-align: center;\"><a title=\"Historischer Kalender 2000\" href=\"https:\/\/hv-lebach.de\/wp-content\/uploads\/2008\/vor02\/kalender\/HKL_2000.pdf\" target=\"_blank\" rel=\"noopener noreferrer\"><img loading=\"lazy\" decoding=\"async\" style=\"vertical-align: middle;\" src=\"wp-content\/uploads\/2008\/vor02\/kalender\/HKL_2000.jpg\" alt=\"Historischer Kalender 2000\" width=\"200\" height=\"134\"><\/a><\/p>\n<p style=\"text-align: center;\"><a title=\"Historischer Kalender 2000\" href=\"https:\/\/hv-lebach.de\/wp-content\/uploads\/2008\/vor02\/kalender\/HKL_2000.pdf\" target=\"_blank\" rel=\"noopener noreferrer\">Historischer Kalender 2000<\/a><\/p>\n<p style=\"text-align: center;\">___________________________________________________________<\/p>\n<p style=\"text-align: center;\"><strong>Pfade &#8211; Wege &#8211; Reisen<\/strong><\/p>\n<p style=\"text-align: center;\"><a title=\"Historischer Kalender Lebach 1999\" href=\"https:\/\/hv-lebach.de\/wp-content\/uploads\/2008\/vor02\/kalender\/HKL_1999.pdf\" target=\"_blank\" rel=\"noopener noreferrer\"><img decoding=\"async\" style=\"vertical-align: middle;\" src=\"wp-content\/uploads\/2008\/vor02\/kalender\/HKL_1999.jpg\" alt=\"Historischer Kalender Lebach 1999\" width=\"200\"><\/a><\/p>\n<p style=\"text-align: center;\"><a title=\"Historischer Kalender 1999\" href=\"https:\/\/hv-lebach.de\/wp-content\/uploads\/2008\/vor02\/kalender\/HKL_1999.pdf\" target=\"_blank\" rel=\"noopener noreferrer\">Historischer Kalender 1999<\/a><\/p>\n<p style=\"text-align: center;\">___________________________________________________________<\/p>\n<p style=\"text-align: center;\"><strong> Lebacher Pers\u00f6nlichkeiten<\/strong><\/p>\n<p style=\"text-align: center;\"><a title=\"Historischer Kalender Lebach 1998\" href=\"https:\/\/hv-lebach.de\/wp-content\/uploads\/2008\/vor02\/kalender\/HKL_1998.pdf\" target=\"_blank\" rel=\"noopener noreferrer\"><img loading=\"lazy\" decoding=\"async\" style=\"vertical-align: middle;\" src=\"wp-content\/uploads\/2008\/vor02\/kalender\/HKL_1998.jpg\" alt=\"Historischer Kalender Lebach 1998\" width=\"200\" height=\"151\"><\/a><\/p>\n<p style=\"text-align: center;\"><a title=\"Historischer Kalender Lebach 1998\" href=\"https:\/\/hv-lebach.de\/wp-content\/uploads\/2008\/vor02\/kalender\/HKL_1998.pdf\" target=\"_blank\" rel=\"noopener noreferrer\">Historischer Kalender 1998<\/a><\/p>\n<p style=\"text-align: center;\">___________________________________________________________<\/p>\n<p style=\"text-align: center;\"><strong>Dienstleistungen f\u00fcr Menschen<\/strong><\/p>\n<p style=\"text-align: center;\"><a title=\"Historischer Kalender 1997\" href=\"https:\/\/hv-lebach.de\/wp-content\/uploads\/2008\/vor02\/kalender\/HKL_1997.pdf\" target=\"_blank\" rel=\"noopener noreferrer\"><img loading=\"lazy\" decoding=\"async\" style=\"vertical-align: middle;\" src=\"wp-content\/uploads\/2008\/vor02\/kalender\/HKL_1997.jpg\" alt=\"Historischer Kalender Lebach 1997\" width=\"200\" height=\"124\"><\/a><\/p>\n<p style=\"text-align: center;\"><a title=\"Historischer Kalender Lebach 1997\" href=\"https:\/\/hv-lebach.de\/wp-content\/uploads\/2008\/vor02\/kalender\/HKL_1997.pdf\" target=\"_blank\" rel=\"noopener noreferrer\">Historischer Kalender 1997<\/a><\/p>\n<p style=\"text-align: center;\">___________________________________________________________<\/p>\n<p style=\"text-align: center;\"><strong>Kaufhaus Lebach<\/strong><\/p>\n<p style=\"text-align: center;\"><a title=\"Historischer Kalender 1996\" href=\"https:\/\/hv-lebach.de\/wp-content\/uploads\/2008\/vor02\/kalender\/HKL_1996.pdf\" target=\"_blank\" rel=\"noopener noreferrer\"><img loading=\"lazy\" decoding=\"async\" style=\"vertical-align: middle;\" src=\"wp-content\/uploads\/2008\/vor02\/kalender\/HKL_1996.jpg\" alt=\"Historischer Kalender Lebach 1996\" width=\"200\" height=\"152\"><\/a><\/p>\n<p style=\"text-align: center;\"><a title=\"Historischer Kalender 1996\" href=\"https:\/\/hv-lebach.de\/wp-content\/uploads\/2008\/vor02\/kalender\/HKL_1996.pdf\" target=\"_blank\" rel=\"noopener noreferrer\">Historischer Kalender 1996<\/a><\/p>\n<p style=\"text-align: center;\">___________________________________________________________<\/p>\n<p style=\"text-align: center;\"><strong>Handwerker in Lebach<\/strong><\/p>\n<p style=\"text-align: center;\"><a title=\"Historischer Kalender Lebach 1995\" href=\"https:\/\/hv-lebach.de\/wp-content\/uploads\/2008\/vor02\/kalender\/HKL_1995.pdf\" target=\"_blank\" rel=\"noopener noreferrer\"><img loading=\"lazy\" decoding=\"async\" style=\"vertical-align: middle;\" src=\"wp-content\/uploads\/2008\/vor02\/kalender\/HKL_1995.jpg\" alt=\"Historischer Kalender Lebach 1995\" width=\"200\" height=\"132\"><\/a><\/p>\n<p style=\"text-align: center;\"><a title=\"Historischer Kalender Lebach 1995\" href=\"https:\/\/hv-lebach.de\/wp-content\/uploads\/2008\/vor02\/kalender\/HKL_1995.pdf\" target=\"_blank\" rel=\"noopener noreferrer\">Historischer Kalender 1995<\/a><\/p>\n<p style=\"text-align: center;\">___________________________________________________________<\/p>\n<p style=\"text-align: center;\"><strong>Geselligkeit &#8211; Vereine &#8211; Verb\u00e4nde<\/strong><\/p>\n<p style=\"text-align: center;\"><a title=\"Historischer Kalender Lebach 1994\" href=\"https:\/\/hv-lebach.de\/wp-content\/uploads\/2008\/vor02\/kalender\/HKL_1994.pdf\" target=\"_blank\" rel=\"noopener noreferrer\"><img loading=\"lazy\" decoding=\"async\" style=\"vertical-align: middle;\" src=\"wp-content\/uploads\/2008\/vor02\/kalender\/HKL_1994.jpg\" alt=\"Historischer Kalender Lebach 1994\" width=\"200\" height=\"126\"><\/a><\/p>\n<p style=\"text-align: center;\"><a title=\"Historischer Kalender Lebach 1994\" href=\"https:\/\/hv-lebach.de\/wp-content\/uploads\/2008\/vor02\/kalender\/HKL_1994.pdf\" target=\"_blank\" rel=\"noopener noreferrer\">Historischer Kalender 1994<\/a><\/p>\n<p style=\"text-align: center;\">___________________________________________________________<\/p>\n<p><span style=\"border-radius: 2px; text-indent: 20px; width: auto; padding: 0px 4px 0px 0px; text-align: center; font: bold 11px\/20px 'Helvetica Neue',Helvetica,sans-serif; color: #ffffff; background: #bd081c no-repeat scroll 3px 50% \/ 14px 14px; position: absolute; opacity: 1; z-index: 8675309; display: none; cursor: pointer;\">Merken<\/span><\/p>\n","protected":false},"excerpt":{"rendered":"<p>Anbei sind die Historischen Kalender 1994 &#8211; 2024 im PDF-Format zum Herunterladen eingestellt! Egon Gro\u00df, viele Jahre in der Redaktion des Historischen Kalenders, hat hier zur besseren Orientierung ein Inhaltsverzeichnis der Kalender angelegt, das nun Richard Wagner fortf\u00fchrt: Inhaltsverzeichnis 1994-2021 &nbsp; ___________________________________________________________ Helfende H\u00e4nde HKL 2025 ___________________________________________________________ Die Lebacher Gastronomie&#8230;<\/p>\n","protected":false},"author":3,"featured_media":0,"parent":5,"menu_order":30,"comment_status":"closed","ping_status":"closed","template":"","meta":{"ngg_post_thumbnail":0,"footnotes":""},"class_list":["post-10","page","type-page","status-publish","hentry"],"_links":{"self":[{"href":"https:\/\/hv-lebach.de\/index.php?rest_route=\/wp\/v2\/pages\/10","targetHints":{"allow":["GET"]}}],"collection":[{"href":"https:\/\/hv-lebach.de\/index.php?rest_route=\/wp\/v2\/pages"}],"about":[{"href":"https:\/\/hv-lebach.de\/index.php?rest_route=\/wp\/v2\/types\/page"}],"author":[{"embeddable":true,"href":"https:\/\/hv-lebach.de\/index.php?rest_route=\/wp\/v2\/users\/3"}],"replies":[{"embeddable":true,"href":"https:\/\/hv-lebach.de\/index.php?rest_route=%2Fwp%2Fv2%2Fcomments&post=10"}],"version-history":[{"count":69,"href":"https:\/\/hv-lebach.de\/index.php?rest_route=\/wp\/v2\/pages\/10\/revisions"}],"predecessor-version":[{"id":4612,"href":"https:\/\/hv-lebach.de\/index.php?rest_route=\/wp\/v2\/pages\/10\/revisions\/4612"}],"up":[{"embeddable":true,"href":"https:\/\/hv-lebach.de\/index.php?rest_route=\/wp\/v2\/pages\/5"}],"wp:attachment":[{"href":"https:\/\/hv-lebach.de\/index.php?rest_route=%2Fwp%2Fv2%2Fmedia&parent=10"}],"curies":[{"name":"wp","href":"https:\/\/api.w.org\/{rel}","templated":true}]}}