{"id":37,"date":"2008-10-20T14:31:15","date_gmt":"2008-10-20T14:31:15","guid":{"rendered":"https:\/\/historischer-verein-lebach.info\/?page_id=37"},"modified":"2022-09-09T19:47:36","modified_gmt":"2022-09-09T17:47:36","slug":"publikationen","status":"publish","type":"page","link":"https:\/\/hv-lebach.de\/?page_id=37","title":{"rendered":"Publikationen"},"content":{"rendered":"<p style=\"text-align: center;\">Die Verwendung der aufgef\u00fchrten Publikationen ist nur f\u00fcr den privaten Gebrauch und nicht f\u00fcr&nbsp;gewerbliche Zwecke gestattet!<\/p>\n<p style=\"text-align: center;\">________________________________________________<\/p>\n<h2 style=\"text-align: left;\"><span style=\"color: #0000ff;\">Ansichten<\/span><\/h2>\n<p style=\"text-align: center;\">________________________________________________<\/p>\n<figure id=\"attachment_4330\" aria-describedby=\"caption-attachment-4330\" style=\"width: 1024px\" class=\"wp-caption aligncenter\"><a href=\"https:\/\/hv-lebach.de\/?p=51\"><img loading=\"lazy\" decoding=\"async\" class=\"wp-image-4330 size-large\" src=\"https:\/\/hv-lebach.de\/wp-content\/uploads\/2022\/09\/Lebacher-Ansichten-1024x1024.jpg\" alt=\"\" width=\"1024\" height=\"1024\" srcset=\"https:\/\/hv-lebach.de\/wp-content\/uploads\/2022\/09\/Lebacher-Ansichten-1024x1024.jpg 1024w, https:\/\/hv-lebach.de\/wp-content\/uploads\/2022\/09\/Lebacher-Ansichten-300x300.jpg 300w, https:\/\/hv-lebach.de\/wp-content\/uploads\/2022\/09\/Lebacher-Ansichten-150x150.jpg 150w, https:\/\/hv-lebach.de\/wp-content\/uploads\/2022\/09\/Lebacher-Ansichten-768x768.jpg 768w, https:\/\/hv-lebach.de\/wp-content\/uploads\/2022\/09\/Lebacher-Ansichten-1536x1536.jpg 1536w, https:\/\/hv-lebach.de\/wp-content\/uploads\/2022\/09\/Lebacher-Ansichten-144x144.jpg 144w, https:\/\/hv-lebach.de\/wp-content\/uploads\/2022\/09\/Lebacher-Ansichten.jpg 1653w\" sizes=\"auto, (max-width: 1024px) 100vw, 1024px\" \/><\/a><figcaption id=\"caption-attachment-4330\" class=\"wp-caption-text\">\u00a9Klaus Altmeyer &amp; Egon Gross &#8211; bearbeitet von Richard Wagner, HV Lebach<\/figcaption><\/figure>\n<p style=\"text-align: center;\">________________________________________________<\/p>\n<h2 style=\"text-align: left;\"><span style=\"color: #0000ff;\">Familien<\/span><\/h2>\n<p style=\"text-align: center;\">________________________________________________<\/p>\n<p style=\"text-align: left;\"><a href=\"https:\/\/hv-lebach.de\/wp-content\/uploads\/2008\/vor02\/Publikationen\/Storb-Gerhard_Lebacher-Familienbuecher_Bd-1.pdf\" target=\"_blank\" rel=\"noopener\">Storb, Gerhard, Die Einwohner der B\u00fcrgermeisterei Lebach, 1798 &#8211; 1920, Band 1, Hrsg.: Karl Kuhn,&nbsp;Volkshochschule Lebach, SVD Verlag Saarbr\u00fccken, Lebach 1994<\/a><\/p>\n<p style=\"text-align: left;\">Die entsprechende PDF-Datei umfasst 34 MB!<\/p>\n<p style=\"text-align: center;\"><a title=\"Gerhard Storb, Lebacher Familienb\u00fccher, Band 1\" href=\"https:\/\/hv-lebach.de\/wp-content\/uploads\/2008\/vor02\/Publikationen\/Storb-Gerhard_Lebacher-Familienbuecher_Bd-1.pdf\" target=\"_blank\" rel=\"noopener\"><img loading=\"lazy\" decoding=\"async\" style=\"vertical-align: middle;\" src=\"wp-content\/uploads\/2008\/vor02\/Publikationen\/Storb-Gerhard_Lebacher-Familienbuecher_Bd-1.gif\" alt=\"Gerhard Storb, Lebacher Familienb\u00fccher, Band 1\" width=\"450\" height=\"225\"><\/a><\/p>\n<p>Die Urheberrechte an diesem Werk hat die Volkshochschule Lebach. Diese hat uns die Nutzung und damit die Weiterverbreitung f\u00fcr private, heimatkundliche Zwecke freundlicherweise gestattet. Wir danken daf\u00fcr ganz herzlich.<\/p>\n<p>Die entsprechende gebundene Ausgabe dieses Werkes ist vergriffen. Sie kann nur noch antiquarisch erworben werden.<\/p>\n<p style=\"text-align: center;\">________________________________________________<\/p>\n<p style=\"text-align: left;\"><a title=\"Gerhard Storb, Lebacher Familienb\u00fccher, Band 2\" href=\"https:\/\/hv-lebach.de\/wp-content\/uploads\/2008\/vor02\/Publikationen\/Storb-Gerhard_Lebacher-Familienbuecher_Bd-2.pdf\" target=\"_blank\" rel=\"noopener\">Storb, Gerhard, Die Einwohner der B\u00fcrgermeisterei Lebach, 1798 &#8211; 1920, Band 2, Hrsg.: Karl Kuhn,&nbsp;Volkshochschule Lebach, SVD Verlag Saarbr\u00fccken, Lebach 1994<\/a><\/p>\n<p style=\"text-align: left;\">Die entsprechende PDF-Datei umfasst 19 MB!<\/p>\n<p style=\"text-align: center;\"><a title=\"Gerhard Storb, Lebacher Familienb\u00fccher, Band 1\" href=\"https:\/\/hv-lebach.de\/wp-content\/uploads\/2008\/vor02\/Publikationen\/Storb-Gerhard_Lebacher-Familienbuecher_Bd-2.pdf\" target=\"_blank\" rel=\"noopener\"><img loading=\"lazy\" decoding=\"async\" style=\"vertical-align: middle;\" src=\"wp-content\/uploads\/2008\/vor02\/Publikationen\/Storb-Gerhard_Lebacher-Familienbuecher_Bd-2.gif\" alt=\"Gerhard Storb, Lebacher Familienb\u00fccher, Band 2\" width=\"450\" height=\"246\"><\/a><\/p>\n<p>\u201eDie Urheberrechte an diesem Werk hat die Volkshochschule Lebach. Diese hat uns die Nutzung und damit die Weiterverbreitung f\u00fcr private, heimatkundliche Zwecke freundlicherweise gestattet.&nbsp;Wir danken daf\u00fcr ganz herzlich.<\/p>\n<p>Die entsprechende gebundene Ausgabe dieses Werkes ist&nbsp;vergriffen. Sie kann nur noch antiquarisch erworben werden.\u201c<\/p>\n<p style=\"text-align: center;\">________________________________________________<\/p>\n<p style=\"text-align: center;\">Storb, Gerhard, Die Einwohner von Lebach 1703 &#8211; 1797, Hrsg.: Vereinigung f\u00fcr die Heimatkunde im Landkreis Saarlouis, 4. Sonderband, 1986<\/p>\n<p><a href=\"https:\/\/hv-lebach.de\/Dokumente\/Familien\/Gerhard-Storb_Familienbuch-Lebach_1703-1797_ocr.pdf\" target=\"_blank\" rel=\"noopener\">Die Vereinigung f\u00fcr die Heimatkunde im Landkreis Saarlouis hat uns erlaubt, dieses Famlienbuch hier f\u00fcr private Zwecke zu hinterlegen.<\/a> Andreas Storb, der Sohn von Gerhard Storb, hat uns dabei ein Exemplar zum Scannen \u00fcberlassen, das von seinem Vater Gerhard Storb handschriftlich weiter bearbeitet wurde. Dessen Ziel, dieses Familienbuch komplett zu \u00fcberarbeiten, konnte er aus gesundheitlichen Gr\u00fcnden leider nicht mehr verwirklichen.<\/p>\n<p style=\"text-align: center;\"><a title=\"Gerhard Storb, Die Einwohner von Lebach 1703 - 1797, Saarlouis 1986\" href=\"https:\/\/www.vfh-saarlouis.de\/\" target=\"_blank\" rel=\"noopener\">Der Sonderband ist zu beziehen&nbsp; (Stand: 2011) \u00fcber die Vereinigung f\u00fcr die Heimatkunde im Landkreis Saarlouis.<\/a><\/p>\n<p style=\"text-align: center;\">________________________________________________<\/p>\n<p style=\"text-align: left;\">J<a href=\"https:\/\/hv-lebach.de\/Dokumente\/Familien\/Lebach-KKBI_1703-1763.pdf\" target=\"_blank\" rel=\"noopener\">ost, Reiner, Die Lebacher Kirchenb\u00fccher 1703 &#8211; 1763 und 1764 &#8211; 1797, Transkript, Lebach 2016<\/a><\/p>\n<p style=\"text-align: left;\"><a href=\"https:\/\/hv-lebach.de\/Dokumente\/Familien\/Lebach-KKBI_1703-1763.pdf\" target=\"_blank\" rel=\"noopener\"><img loading=\"lazy\" decoding=\"async\" class=\"aligncenter wp-image-2565\" src=\"https:\/\/hv-lebach.de\/wp-content\/uploads\/2016\/10\/Lebach-KKB-I-1703-1763_Page_1-724x1024.jpeg\" alt=\"lebach-kkb-i-1703-1763_page_1\" width=\"400\" height=\"566\" srcset=\"https:\/\/hv-lebach.de\/wp-content\/uploads\/2016\/10\/Lebach-KKB-I-1703-1763_Page_1-724x1024.jpeg 724w, https:\/\/hv-lebach.de\/wp-content\/uploads\/2016\/10\/Lebach-KKB-I-1703-1763_Page_1-212x300.jpeg 212w, https:\/\/hv-lebach.de\/wp-content\/uploads\/2016\/10\/Lebach-KKB-I-1703-1763_Page_1-768x1086.jpeg 768w, https:\/\/hv-lebach.de\/wp-content\/uploads\/2016\/10\/Lebach-KKB-I-1703-1763_Page_1.jpeg 1653w\" sizes=\"auto, (max-width: 400px) 100vw, 400px\" \/><\/a><\/p>\n<p style=\"text-align: left;\"><a href=\"https:\/\/hv-lebach.de\/Dokumente\/Familien\/Lebach-KKBII_1764-1797.pdf\" target=\"_blank\" rel=\"noopener\"><img loading=\"lazy\" decoding=\"async\" class=\"aligncenter wp-image-2566\" src=\"https:\/\/hv-lebach.de\/wp-content\/uploads\/2016\/10\/Lebach-KKB-II-1764-1797.pdf_extract_Page_1-724x1024.jpeg\" alt=\"lebach-kkb-ii-1764-1797-pdf_extract_page_1\" width=\"400\" height=\"566\" srcset=\"https:\/\/hv-lebach.de\/wp-content\/uploads\/2016\/10\/Lebach-KKB-II-1764-1797.pdf_extract_Page_1-724x1024.jpeg 724w, https:\/\/hv-lebach.de\/wp-content\/uploads\/2016\/10\/Lebach-KKB-II-1764-1797.pdf_extract_Page_1-212x300.jpeg 212w, https:\/\/hv-lebach.de\/wp-content\/uploads\/2016\/10\/Lebach-KKB-II-1764-1797.pdf_extract_Page_1-768x1087.jpeg 768w, https:\/\/hv-lebach.de\/wp-content\/uploads\/2016\/10\/Lebach-KKB-II-1764-1797.pdf_extract_Page_1.jpeg 1652w\" sizes=\"auto, (max-width: 400px) 100vw, 400px\" \/><\/a><\/p>\n<p style=\"text-align: center;\">________________________________________________<\/p>\n<p style=\"text-align: left;\"><strong><a class=\"wpGallery\" title=\"Wolfgang Riehm, Pedersch Fritz, Lebach 1988\" href=\"https:\/\/hv-lebach.de\/?p=658\" target=\"_self\" rel=\"noopener\">Wolfgang Riehm, Pedersch Fritz, Gedenkschrift zum 20sten Todestag, Lebach 1988<\/a><\/strong><\/p>\n<p style=\"text-align: center;\"><a class=\"wpGallery\" title=\"Wolfgang Riehm, Pedersch Fritz, Lebach 1988\" href=\"https:\/\/hv-lebach.de\/?p=658\" target=\"_self\" rel=\"noopener\"><img loading=\"lazy\" decoding=\"async\" class=\"size-full wp-image-660 aligncenter\" title=\"k4a_450\" src=\"wp-content\/uploads\/2010\/12\/k4a_450.jpg\" alt=\"\" width=\"450\" height=\"432\" srcset=\"https:\/\/hv-lebach.de\/wp-content\/uploads\/2010\/12\/k4a_450.jpg 450w, https:\/\/hv-lebach.de\/wp-content\/uploads\/2010\/12\/k4a_450-300x288.jpg 300w\" sizes=\"auto, (max-width: 450px) 100vw, 450px\" \/><\/a><\/p>\n<p style=\"text-align: center;\">________________________________________________<\/p>\n<h2 style=\"text-align: left;\"><span style=\"color: #0000ff;\">Erzgruben<\/span><\/h2>\n<p style=\"text-align: center;\">________________________________________________<\/p>\n<p style=\"text-align: left;\"><a title=\"Geschichte der Lebacher Erzgruben\" href=\"https:\/\/hv-lebach.de\/wp-content\/uploads\/2008\/vor02\/Publikationen\/Erzgruben.pdf\" target=\"_blank\" rel=\"noopener\">Winter-Emden, Ilse, Geschichte der Lebacher Erzgruben und ihre Bedeutung f\u00fcr die Region, Hrsg.: Karl Kuhn, Volkshochschule Lebach, SDV Saarbr\u00fccken, Lebach 1995<\/a><\/p>\n<p style=\"text-align: center;\"><a title=\"Geschichte der Lebacher Erzgruben\" href=\"https:\/\/hv-lebach.de\/wp-content\/uploads\/2008\/vor02\/Publikationen\/Erzgruben.pdf\" target=\"_blank\" rel=\"noopener\"><img loading=\"lazy\" decoding=\"async\" style=\"vertical-align: middle;\" src=\"wp-content\/uploads\/2008\/vor02\/Publikationen\/Erzgruben.jpg\" alt=\"Geschichte der Lebacher Erzgruben\" width=\"200\" height=\"319\"><\/a><\/p>\n<p style=\"text-align: justify;\">Die Urheberrechte an diesem Werk hat die Volkshochschule Lebach; der Gesch\u00e4ftsf\u00fchrer, Dr. Joachim Badelt, hat uns die Nutzung und damit die Weiterverbreitung f\u00fcr private, heimatkundliche Zwecke freundlicherweise gestattet.&nbsp;Wir danken daf\u00fcr ganz herzlich.<\/p>\n<p style=\"text-align: justify;\">Die entsprechende gebunde Ausgabe dieses Werkes ist einzusehen bei der Volkshochschule Lebach.<\/p>\n<p style=\"text-align: justify;\">Die Adresse lautet:<br \/>\nSchulzentrum, Dillinger Stra\u00dfe 67, 66822 Lebach<\/p>\n<p style=\"text-align: center;\">________________________________________________<\/p>\n<h2 style=\"text-align: left;\"><span style=\"color: #0000ff;\">Pfarreien<\/span><\/h2>\n<p style=\"text-align: center;\">________________________________________________<\/p>\n<p style=\"text-align: left;\"><a class=\"wpGallery\" title=\"Pfarralbum &quot;Steinbach-D\u00f6rsdorf&quot; von Pfarrer W\u00fcsten, ver\u00f6ffentlicht in Saarbr\u00fccken 193?\" href=\"https:\/\/hv-lebach.de\/?p=746\" target=\"_self\" rel=\"noopener\">Pfarrer W\u00fcsten, Pfarralbum Steinbach-D\u00f6rsdorf, Saarbr\u00fccken 193?<\/a><\/p>\n<figure id=\"attachment_748\" aria-describedby=\"caption-attachment-748\" style=\"width: 450px\" class=\"wp-caption aligncenter\"><a class=\"wpGallery\" title=\"Pfarralbum &quot;Steinbach-D\u00f6rsdorf&quot; von Pfarrer W\u00fcsten, ver\u00f6ffentlicht in Saarbr\u00fccken 193?\" href=\"https:\/\/hv-lebach.de\/?p=746\" target=\"_self\" rel=\"noopener\"><img loading=\"lazy\" decoding=\"async\" class=\"size-full wp-image-748\" title=\"Pfarralbum_Pfarrer-Wuesten_Steinbach-Doersdorf\" src=\"wp-content\/uploads\/2011\/02\/Pfarralbum_Pfarrer-Wuesten_Steinbach-Doersdorf.jpg\" alt=\"\" width=\"450\" height=\"376\" srcset=\"https:\/\/hv-lebach.de\/wp-content\/uploads\/2011\/02\/Pfarralbum_Pfarrer-Wuesten_Steinbach-Doersdorf.jpg 450w, https:\/\/hv-lebach.de\/wp-content\/uploads\/2011\/02\/Pfarralbum_Pfarrer-Wuesten_Steinbach-Doersdorf-300x250.jpg 300w\" sizes=\"auto, (max-width: 450px) 100vw, 450px\" \/><\/a><figcaption id=\"caption-attachment-748\" class=\"wp-caption-text\">Pfarralbum, Pfarrer W\u00fcsten, Saarbr\u00fccken 193?<\/figcaption><\/figure>\n<p>&nbsp;<\/p>\n<h2><span style=\"color: #0000ff;\">Wegekreuze<\/span><\/h2>\n<p style=\"text-align: center;\">________________________________________________<\/p>\n<p style=\"text-align: left;\"><a href=\"https:\/\/hv-lebach.de\/wp-content\/uploads\/2021\/02\/Wegekreuze_Lebach_2007.pdf\" target=\"_blank\" rel=\"noopener\">Richard Wagner, Lebacher Wegekreuze und Bildst\u00f6cke, Verlag Manfred Quei\u00dfer, 2007<\/a><\/p>\n<p><a href=\"https:\/\/hv-lebach.de\/wp-content\/uploads\/2013\/07\/Wegekreuze_Lebach_2007.jpg\"><img loading=\"lazy\" decoding=\"async\" class=\"wp-image-1343 size-full aligncenter\" src=\"https:\/\/hv-lebach.de\/wp-content\/uploads\/2013\/07\/Wegekreuze_Lebach_2007.jpg\" alt=\"\" width=\"827\" height=\"827\" srcset=\"https:\/\/hv-lebach.de\/wp-content\/uploads\/2013\/07\/Wegekreuze_Lebach_2007.jpg 827w, https:\/\/hv-lebach.de\/wp-content\/uploads\/2013\/07\/Wegekreuze_Lebach_2007-150x150.jpg 150w, https:\/\/hv-lebach.de\/wp-content\/uploads\/2013\/07\/Wegekreuze_Lebach_2007-300x300.jpg 300w\" sizes=\"auto, (max-width: 827px) 100vw, 827px\" \/><\/a><\/p>\n<p style=\"text-align: center;\">________________________________________________<\/p>\n<h2 style=\"text-align: left;\"><span style=\"color: #0000ff;\">1. Weltkrieg<\/span><\/h2>\n<p style=\"text-align: center;\">________________________________________________<\/p>\n<figure id=\"attachment_274\" aria-describedby=\"caption-attachment-274\" style=\"width: 450px\" class=\"wp-caption aligncenter\"><a class=\"wpGallery\" title=\"Ernst Schmitt, Der Erste Weltkrieg, Lebach 1998\" href=\"https:\/\/hv-lebach.de\/Dokumente\/WKI_Lebach.pdf\" target=\"_blank\" rel=\"noopener\"><img loading=\"lazy\" decoding=\"async\" class=\"size-full wp-image-274\" title=\"Seiten aus WKI_Lebach\" src=\"wp-content\/uploads\/2008\/10\/Seiten-aus-WKI_Lebach.jpg\" alt=\"Ernst Schmitt, Der Erste Weltkrieg, Lebach 1998\" width=\"450\" height=\"799\"><\/a><figcaption id=\"caption-attachment-274\" class=\"wp-caption-text\">Ernst Schmitt, Der Erste Weltkrieg, Lebach 1998<\/figcaption><\/figure>\n<p style=\"text-align: justify;\">Die Stadtarchivarin, Margit Thewes, hat uns das Buch von Ernst Schmitt zwecks Ver\u00f6ffentlichung zur Verf\u00fcgung gestellt, wof\u00fcr wir vielmals danken.&nbsp;Die Witwe von Ernst Schmitt (er verstarb im Jahr 2000), Lilo Schmitt, bei der die Urheberrechte liegen, hat uns freundlicherweise die Ver\u00f6ffentlichung gestattet. Daf\u00fcr herzlichen Dank!<\/p>\n<p style=\"text-align: justify;\">Die Datei (einfach das Startbild anklicken) umfasst 20 MB. <a class=\"wpGallery\" title=\"Ernst Schmitt, Der Erste Weltkrieg, Anhang, Lebach 1998\" href=\"https:\/\/hv-lebach.de\/Dokumente\/WKI_Lebach_Ernst-Schmitt_Anhang.pdf\" target=\"_blank\" rel=\"noopener\">In diesem Buch gibt es einen Anhang, der in &#8222;Ehrenbl\u00e4ttern&#8220; die erfassten Kriegsteilnehmer und Gefallenen aufz\u00e4hlt.<\/a> Weil die Vorlage sehr fein &#8222;ziseliert&#8220; ist, ist die entsprechende Datei sehr gro\u00df, n\u00e4mlich 84 MB; das Herunterladen braucht also Zeit.<\/p>\n<p style=\"text-align: center;\">________________________________________________<\/p>\n<h2 style=\"text-align: left;\"><span style=\"color: #0000ff;\">2. Weltkrieg<\/span><\/h2>\n<p style=\"text-align: center;\">________________________________________________<\/p>\n<figure id=\"attachment_275\" aria-describedby=\"caption-attachment-275\" style=\"width: 450px\" class=\"wp-caption aligncenter\"><a class=\"wpGallery\" title=\"Gisela Johann, Die Lebenden gedenken der Toten, Lebach 1997\" href=\"https:\/\/hv-lebach.de\/Dokumente\/WKII_Lebach_Gisela-Johann.pdf\" target=\"_blank\" rel=\"noopener\"><img loading=\"lazy\" decoding=\"async\" class=\"size-full wp-image-275 \" title=\"Seiten aus WKII_Lebach_Gisela-Johann\" src=\"wp-content\/uploads\/2008\/10\/Seiten-aus-WKII_Lebach_Gisela-Johann.jpg\" alt=\"Gisela Johann, Die Lebenden gedenken der Toten, Lebach 1997\" width=\"450\" height=\"801\" srcset=\"https:\/\/hv-lebach.de\/wp-content\/uploads\/2008\/10\/Seiten-aus-WKII_Lebach_Gisela-Johann.jpg 450w, https:\/\/hv-lebach.de\/wp-content\/uploads\/2008\/10\/Seiten-aus-WKII_Lebach_Gisela-Johann-168x300.jpg 168w\" sizes=\"auto, (max-width: 450px) 100vw, 450px\" \/><\/a><figcaption id=\"caption-attachment-275\" class=\"wp-caption-text\">Gisela Johann, Die Lebenden gedenken der Toten, Lebach 1997<\/figcaption><\/figure>\n<p style=\"text-align: justify;\">Dieses Buch, auf das uns auch die Stadtarchivarin, Margit Thewes dankenswerterweise hingewiesen hat, befasst sich mit den Gefallenen des 2. Weltkrieges. Es&nbsp;dokumentiert, sozusagen als Hintergrundinformation, ein Projekt des Ortsrates Lebach, n\u00e4mlich die Erstellung von Ehrentafeln f\u00fcr die Gefallenen&nbsp;f\u00fcr die Wand der Lebacher Friedhofshalle. Die Autorin ist die bereits&nbsp;verstorbene Ortsvorsteherin von Lebach, Gisela Johann (1926 &#8211; 2007). Deren Tochter Lore Bernarding, bei der die Urheberrechte liegen, hat uns freundlicherweise die Ver\u00f6ffentlichung erlaubt.<\/p>\n<p style=\"text-align: justify;\">Das Dokument ist 15 MB gro\u00df (das Startbild zum Herunterladen einfach anklicken).<\/p>\n<p style=\"text-align: center;\">________________________________________________<\/p>\n","protected":false},"excerpt":{"rendered":"<p>Die Verwendung der aufgef\u00fchrten Publikationen ist nur f\u00fcr den privaten Gebrauch und nicht f\u00fcr&nbsp;gewerbliche Zwecke gestattet! ________________________________________________ Ansichten ________________________________________________ ________________________________________________ Familien ________________________________________________ Storb, Gerhard, Die Einwohner der B\u00fcrgermeisterei Lebach, 1798 &#8211; 1920, Band 1, Hrsg.: Karl Kuhn,&nbsp;Volkshochschule Lebach, SVD Verlag Saarbr\u00fccken, Lebach 1994 Die entsprechende PDF-Datei umfasst 34 MB! Die&#8230;<\/p>\n","protected":false},"author":3,"featured_media":0,"parent":0,"menu_order":40,"comment_status":"closed","ping_status":"open","template":"templates\/full-width-page.php","meta":{"ngg_post_thumbnail":0,"footnotes":""},"class_list":["post-37","page","type-page","status-publish","hentry"],"_links":{"self":[{"href":"https:\/\/hv-lebach.de\/index.php?rest_route=\/wp\/v2\/pages\/37","targetHints":{"allow":["GET"]}}],"collection":[{"href":"https:\/\/hv-lebach.de\/index.php?rest_route=\/wp\/v2\/pages"}],"about":[{"href":"https:\/\/hv-lebach.de\/index.php?rest_route=\/wp\/v2\/types\/page"}],"author":[{"embeddable":true,"href":"https:\/\/hv-lebach.de\/index.php?rest_route=\/wp\/v2\/users\/3"}],"replies":[{"embeddable":true,"href":"https:\/\/hv-lebach.de\/index.php?rest_route=%2Fwp%2Fv2%2Fcomments&post=37"}],"version-history":[{"count":33,"href":"https:\/\/hv-lebach.de\/index.php?rest_route=\/wp\/v2\/pages\/37\/revisions"}],"predecessor-version":[{"id":4340,"href":"https:\/\/hv-lebach.de\/index.php?rest_route=\/wp\/v2\/pages\/37\/revisions\/4340"}],"wp:attachment":[{"href":"https:\/\/hv-lebach.de\/index.php?rest_route=%2Fwp%2Fv2%2Fmedia&parent=37"}],"curies":[{"name":"wp","href":"https:\/\/api.w.org\/{rel}","templated":true}]}}